{"id":1153,"date":"2026-02-04T18:05:31","date_gmt":"2026-02-04T17:05:31","guid":{"rendered":"https:\/\/park360.cz\/?post_type=events&#038;p=1153"},"modified":"2026-04-26T08:25:19","modified_gmt":"2026-04-26T06:25:19","slug":"festival-kefir-2026","status":"publish","type":"events","link":"https:\/\/park360.cz\/cs\/program\/festival-kefir-2026\/","title":{"rendered":"Kef\u00edr"},"content":{"rendered":"<p>Hudba, divadlo, cirkus, popel\u00e1\u0159sk\u00fd v\u016fz i&nbsp;\u010dten\u00ed na&nbsp;postel\u00edch s&nbsp;nebesy. <a href=\"https:\/\/www.festivalkefir.cz\/\" target=\"_blank\" rel=\"noopener\">Festival Kef\u00edr<\/a> se vrac\u00ed s&nbsp;po\u0159\u00e1dnou d\u00e1vkou fantazie, bejbypanku a&nbsp;z\u00e1\u017eitk\u016f pro&nbsp;d\u011bti i&nbsp;dosp\u011bl\u00e9. Rodinn\u00fd festival, kter\u00fd bour\u00e1 hranice mezi \u017e\u00e1nry i&nbsp;generacemi, se uskute\u010dn\u00ed v&nbsp;sobotu 29. srpna 2026 u&nbsp;n\u00e1s v&nbsp;Parku 360 v&nbsp;Hradci Kr\u00e1lov\u00e9. Festival je vyhl\u00e1\u0161en\u00fd sv\u00fdm mottem \u201eplnotu\u010dn\u00e1 \u017eiv\u00e1 kultura&#8220; a&nbsp;leto\u0161n\u00ed ro\u010dn\u00edk mu bude zcela v\u011brn\u00fd. V\u0161echny osobn\u011b pozdrav\u00ed a&nbsp;provede are\u00e1lem legend\u00e1rn\u00ed \u0159editel vesm\u00edru Ka\u0161p\u00e1rek!<\/p>\n<p><strong>Pro&nbsp;koho:<\/strong> d\u011bti (do&nbsp;4 let zdarma!), rodi\u010de, prarodi\u010de, teti\u010dky i&nbsp;strejdov\u00e9, prost\u011b v\u0161ichni, co se neboj\u00ed si po\u0159\u00e1dn\u011b spole\u010dn\u011b zablbnout.<br \/>\n<strong>Ubytov\u00e1n\u00ed:<\/strong> vlastn\u00ed stan, pron\u00e1jem bell tentu, komfortn\u00ed pop-up hotel, nebo autokemp s&nbsp;p\u0159\u00edpojkami pro&nbsp;obytn\u00e9 vozy a&nbsp;dod\u00e1vky.<\/p>\n<p>Hudebn\u00ed program leto\u0161n\u00edho Kef\u00edru nab\u00eddne to nejlep\u0161\u00ed z&nbsp;\u010desk\u00e9 alternativn\u00ed a&nbsp;indie sc\u00e9ny. N\u00e1v\u0161t\u011bvn\u00edci se mohou t\u011b\u0161it na&nbsp;<strong>Wohnout<\/strong>, <strong>Sto zv\u00ed\u0159at<\/strong>, <strong>Ka\u0161p\u00e1rek v&nbsp;rohl\u00edku<\/strong>, <strong>Vltavu<\/strong>, <strong>Skota\u010dn\u00ed kulomet<\/strong> nebo <strong>\u0160ufunky Gang<\/strong>. Ze zahrani\u010d\u00ed p\u0159ijedou britsk\u00fd p\u00edsni\u010dk\u00e1\u0159 <strong>Cam Cole<\/strong> a&nbsp;lond\u00fdnsk\u00e9 neo-soulov\u00e9 uskupen\u00ed <strong>Lazy Habits<\/strong>.<\/p>\n<p>Novinkou leto\u0161n\u00edho ro\u010dn\u00edku bude Kef\u00edrovsk\u00e1 libov\u00e1 d\u00edlna Pepy Libick\u00e9ho. Obl\u00edben\u00fd televizn\u00ed kutil dostane k&nbsp;dispozici cel\u00fd hang\u00e1r a&nbsp;v&nbsp;n\u011bm se bude \u0159ezat, vrtat, brousit, lepit a&nbsp;nat\u00edrat. Pepa vyraz\u00ed na&nbsp;Kef\u00edr se sv\u00fdmi lektory premi\u00e9rov\u011b mimo svou dob\u0159\u00ed\u0161skou Academy s&nbsp;projektem Zp\u00e1tky k&nbsp;\u0159emeslu.<\/p>\n<p>Festival bude p\u0159\u00edstupn\u00fd pro&nbsp;kempuj\u00edc\u00ed ji\u017e od&nbsp;p\u00e1tku 28. srpna, kdy ve\u010der prob\u011bhne hudebn\u00ed divadeln\u00ed p\u0159edstaven\u00ed Divadla Minor \u2013 <em>Pern\u00edkov\u00e1 chaloupka<\/em>. Ide\u00e1ln\u00ed za\u010d\u00e1tek pro&nbsp;rodiny s&nbsp;d\u011btmi i&nbsp;v\u0161echny, kdo cht\u011bj\u00ed si vychutnat festival od&nbsp;prvn\u00ed chv\u00edle.<\/p>\n<p>Hudba je ale jen za\u010d\u00e1tek. Kef\u00edr je pov\u011bstn\u00fd sv\u00fdmi origin\u00e1ln\u00edmi atrakcemi, kter\u00e9 se ka\u017edoro\u010dn\u011b st\u00e1vaj\u00ed stejn\u011b vyhled\u00e1vanou sou\u010d\u00e1st\u00ed programu jako samotn\u00e9 kapely. T\u011b\u0161it se m\u016f\u017eete na:<br \/>\n&#8211; j\u00edzdu na&nbsp;stup\u00e1tku popel\u00e1\u0159sk\u00e9ho auta<br \/>\n&#8211; houpa\u010dku na&nbsp;je\u0159\u00e1bu<br \/>\n&#8211; skoky do&nbsp;molitanu ze schod\u016f k&nbsp;letadlu<br \/>\n&#8211; hov\u00ednkovou d\u00edlnu<br \/>\n&#8211; poslouch\u00e1n\u00ed \u010dten\u00fdch poh\u00e1dek na&nbsp;postel\u00edch s&nbsp;nebesy<br \/>\n&#8211; nejv\u011bt\u0161\u00ed sl\u00e1mov\u00e9 hopsali\u0161t\u011b \u2013 bude otev\u0159eno v&nbsp;testovac\u00edm re\u017eimu u\u017e p\u0159ed&nbsp;Kef\u00edrem od&nbsp;17. srpna<\/p>\n<p><img loading=\"lazy\" decoding=\"async\" class=\"alignnone wp-image-1240 size-large\" src=\"https:\/\/static.goout.cloud\/park360cz\/2026\/04\/40f53791-kefir2026-web-novinka-1140x820-1-1024x737.png\" alt=\"\" width=\"1024\" height=\"737\" srcset=\"https:\/\/static.goout.cloud\/park360cz\/2026\/04\/40f53791-kefir2026-web-novinka-1140x820-1-1024x737.png 1024w, https:\/\/static.goout.cloud\/park360cz\/2026\/04\/40f53791-kefir2026-web-novinka-1140x820-1-300x216.png 300w, https:\/\/static.goout.cloud\/park360cz\/2026\/04\/40f53791-kefir2026-web-novinka-1140x820-1-768x552.png 768w, https:\/\/static.goout.cloud\/park360cz\/2026\/04\/40f53791-kefir2026-web-novinka-1140x820-1-139x100.png 139w, https:\/\/static.goout.cloud\/park360cz\/2026\/04\/40f53791-kefir2026-web-novinka-1140x820-1.png 1140w\" sizes=\"auto, (max-width: 1024px) 100vw, 1024px\" \/><\/p>\n<p><img loading=\"lazy\" decoding=\"async\" class=\"alignnone wp-image-1154 size-large\" src=\"https:\/\/static.goout.cloud\/park360cz\/2026\/02\/27ba9847-kefir2023_webres_kubacerv-23561-1024x683.jpg\" alt=\"\" width=\"1024\" height=\"683\" srcset=\"https:\/\/static.goout.cloud\/park360cz\/2026\/02\/27ba9847-kefir2023_webres_kubacerv-23561-1024x683.jpg 1024w, https:\/\/static.goout.cloud\/park360cz\/2026\/02\/27ba9847-kefir2023_webres_kubacerv-23561-300x200.jpg 300w, https:\/\/static.goout.cloud\/park360cz\/2026\/02\/27ba9847-kefir2023_webres_kubacerv-23561-768x512.jpg 768w, https:\/\/static.goout.cloud\/park360cz\/2026\/02\/27ba9847-kefir2023_webres_kubacerv-23561-1536x1024.jpg 1536w, https:\/\/static.goout.cloud\/park360cz\/2026\/02\/27ba9847-kefir2023_webres_kubacerv-23561-150x100.jpg 150w, https:\/\/static.goout.cloud\/park360cz\/2026\/02\/27ba9847-kefir2023_webres_kubacerv-23561.jpg 2048w\" sizes=\"auto, (max-width: 1024px) 100vw, 1024px\" \/><\/p>\n<p><img loading=\"lazy\" decoding=\"async\" class=\"alignnone wp-image-1155 size-large\" src=\"https:\/\/static.goout.cloud\/park360cz\/2026\/02\/0b6bfea1-kefir2023_webres_kubacerv-42211-1-1024x683.jpg\" alt=\"\" width=\"1024\" height=\"683\" srcset=\"https:\/\/static.goout.cloud\/park360cz\/2026\/02\/0b6bfea1-kefir2023_webres_kubacerv-42211-1-1024x683.jpg 1024w, https:\/\/static.goout.cloud\/park360cz\/2026\/02\/0b6bfea1-kefir2023_webres_kubacerv-42211-1-300x200.jpg 300w, https:\/\/static.goout.cloud\/park360cz\/2026\/02\/0b6bfea1-kefir2023_webres_kubacerv-42211-1-768x512.jpg 768w, https:\/\/static.goout.cloud\/park360cz\/2026\/02\/0b6bfea1-kefir2023_webres_kubacerv-42211-1-1536x1024.jpg 1536w, https:\/\/static.goout.cloud\/park360cz\/2026\/02\/0b6bfea1-kefir2023_webres_kubacerv-42211-1-150x100.jpg 150w, https:\/\/static.goout.cloud\/park360cz\/2026\/02\/0b6bfea1-kefir2023_webres_kubacerv-42211-1.jpg 2048w\" sizes=\"auto, (max-width: 1024px) 100vw, 1024px\" \/><\/p>\n<p><img loading=\"lazy\" decoding=\"async\" class=\"alignnone wp-image-1156 size-large\" src=\"https:\/\/static.goout.cloud\/park360cz\/2026\/02\/30e4150a-kefir2025_webres_kubacerv_11411-1024x683.jpg\" alt=\"\" width=\"1024\" height=\"683\" srcset=\"https:\/\/static.goout.cloud\/park360cz\/2026\/02\/30e4150a-kefir2025_webres_kubacerv_11411-1024x683.jpg 1024w, https:\/\/static.goout.cloud\/park360cz\/2026\/02\/30e4150a-kefir2025_webres_kubacerv_11411-300x200.jpg 300w, https:\/\/static.goout.cloud\/park360cz\/2026\/02\/30e4150a-kefir2025_webres_kubacerv_11411-768x512.jpg 768w, https:\/\/static.goout.cloud\/park360cz\/2026\/02\/30e4150a-kefir2025_webres_kubacerv_11411-1536x1024.jpg 1536w, https:\/\/static.goout.cloud\/park360cz\/2026\/02\/30e4150a-kefir2025_webres_kubacerv_11411-150x100.jpg 150w, https:\/\/static.goout.cloud\/park360cz\/2026\/02\/30e4150a-kefir2025_webres_kubacerv_11411.jpg 2048w\" sizes=\"auto, (max-width: 1024px) 100vw, 1024px\" \/><\/p>\n<p><img loading=\"lazy\" decoding=\"async\" class=\"alignnone wp-image-1157 size-large\" src=\"https:\/\/static.goout.cloud\/park360cz\/2026\/02\/893c0d0b-kefir2025_webres_kubacerv_74571-1024x683.jpg\" alt=\"\" width=\"1024\" height=\"683\" srcset=\"https:\/\/static.goout.cloud\/park360cz\/2026\/02\/893c0d0b-kefir2025_webres_kubacerv_74571-1024x683.jpg 1024w, https:\/\/static.goout.cloud\/park360cz\/2026\/02\/893c0d0b-kefir2025_webres_kubacerv_74571-300x200.jpg 300w, https:\/\/static.goout.cloud\/park360cz\/2026\/02\/893c0d0b-kefir2025_webres_kubacerv_74571-768x512.jpg 768w, https:\/\/static.goout.cloud\/park360cz\/2026\/02\/893c0d0b-kefir2025_webres_kubacerv_74571-1536x1024.jpg 1536w, https:\/\/static.goout.cloud\/park360cz\/2026\/02\/893c0d0b-kefir2025_webres_kubacerv_74571-150x100.jpg 150w, https:\/\/static.goout.cloud\/park360cz\/2026\/02\/893c0d0b-kefir2025_webres_kubacerv_74571.jpg 2048w\" sizes=\"auto, (max-width: 1024px) 100vw, 1024px\" \/><\/p>\n<p><img loading=\"lazy\" decoding=\"async\" class=\"alignnone wp-image-1159 size-large\" src=\"https:\/\/static.goout.cloud\/park360cz\/2026\/02\/0505e089-kefir2023_webres_kubacerv-19021-1024x683.jpg\" alt=\"\" width=\"1024\" height=\"683\" srcset=\"https:\/\/static.goout.cloud\/park360cz\/2026\/02\/0505e089-kefir2023_webres_kubacerv-19021-1024x683.jpg 1024w, https:\/\/static.goout.cloud\/park360cz\/2026\/02\/0505e089-kefir2023_webres_kubacerv-19021-300x200.jpg 300w, https:\/\/static.goout.cloud\/park360cz\/2026\/02\/0505e089-kefir2023_webres_kubacerv-19021-768x512.jpg 768w, https:\/\/static.goout.cloud\/park360cz\/2026\/02\/0505e089-kefir2023_webres_kubacerv-19021-1536x1024.jpg 1536w, https:\/\/static.goout.cloud\/park360cz\/2026\/02\/0505e089-kefir2023_webres_kubacerv-19021-150x100.jpg 150w, https:\/\/static.goout.cloud\/park360cz\/2026\/02\/0505e089-kefir2023_webres_kubacerv-19021.jpg 2048w\" sizes=\"auto, (max-width: 1024px) 100vw, 1024px\" \/><\/p>\n<p><img loading=\"lazy\" decoding=\"async\" class=\"alignnone wp-image-1160 size-large\" src=\"https:\/\/static.goout.cloud\/park360cz\/2026\/02\/dd8a91ce-kefir2025_webres_kubacerv_97641-1024x683.jpg\" alt=\"\" width=\"1024\" height=\"683\" srcset=\"https:\/\/static.goout.cloud\/park360cz\/2026\/02\/dd8a91ce-kefir2025_webres_kubacerv_97641-1024x683.jpg 1024w, https:\/\/static.goout.cloud\/park360cz\/2026\/02\/dd8a91ce-kefir2025_webres_kubacerv_97641-300x200.jpg 300w, https:\/\/static.goout.cloud\/park360cz\/2026\/02\/dd8a91ce-kefir2025_webres_kubacerv_97641-768x512.jpg 768w, https:\/\/static.goout.cloud\/park360cz\/2026\/02\/dd8a91ce-kefir2025_webres_kubacerv_97641-1536x1024.jpg 1536w, https:\/\/static.goout.cloud\/park360cz\/2026\/02\/dd8a91ce-kefir2025_webres_kubacerv_97641-150x100.jpg 150w, https:\/\/static.goout.cloud\/park360cz\/2026\/02\/dd8a91ce-kefir2025_webres_kubacerv_97641.jpg 2048w\" sizes=\"auto, (max-width: 1024px) 100vw, 1024px\" \/><\/p>","protected":false},"author":2,"featured_media":968,"template":"","meta":{"_acf_changed":false},"genres":[2],"class_list":["post-1153","events","type-events","status-publish","has-post-thumbnail","hentry","genres-hudebni-festival"],"acf":[],"_links":{"self":[{"href":"https:\/\/park360.cz\/cs\/wp-json\/wp\/v2\/events\/1153","targetHints":{"allow":["GET"]}}],"collection":[{"href":"https:\/\/park360.cz\/cs\/wp-json\/wp\/v2\/events"}],"about":[{"href":"https:\/\/park360.cz\/cs\/wp-json\/wp\/v2\/types\/events"}],"author":[{"embeddable":true,"href":"https:\/\/park360.cz\/cs\/wp-json\/wp\/v2\/users\/2"}],"wp:featuredmedia":[{"embeddable":true,"href":"https:\/\/park360.cz\/cs\/wp-json\/wp\/v2\/media\/968"}],"wp:attachment":[{"href":"https:\/\/park360.cz\/cs\/wp-json\/wp\/v2\/media?parent=1153"}],"wp:term":[{"taxonomy":"genres","embeddable":true,"href":"https:\/\/park360.cz\/cs\/wp-json\/wp\/v2\/genres?post=1153"}],"curies":[{"name":"wp","href":"https:\/\/api.w.org\/{rel}","templated":true}]}}